{"id":908,"date":"2019-10-10T12:44:06","date_gmt":"2019-10-10T10:44:06","guid":{"rendered":"https:\/\/www.xn--bgerogting-0cb.dk\/index.php\/vare\/import-placeholder-for-314\/"},"modified":"2020-02-06T16:37:08","modified_gmt":"2020-02-06T15:37:08","slug":"hr-ulfsen-holder-foedselsdagsfest-for-lillebjoern-af-jan-fearnley","status":"publish","type":"product","link":"https:\/\/www.xn--bgerogting-0cb.dk\/index.php\/vare\/hr-ulfsen-holder-foedselsdagsfest-for-lillebjoern-af-jan-fearnley\/","title":{"rendered":"Hr. Ulfsen holder f\u00f8dselsdagsfest for Lillebj\u00f8rn af Jan Fearnley"},"content":{"rendered":"","protected":false},"excerpt":{"rendered":"<p>Bogklubben Rasmus, 2002 &#8211; 28 sider &#8211; Hardback.<br \/>\nOriginaltitel: Mr. Wolf and the three bears, 2001.<br \/>\nMeget fint eksemplar.<\/p>\n<p>Billedbog hvor ulven og Bedstemor Ulv laver mad og arrangerer fest for Lillebj\u00f8rn. Guldlok ankommer f\u00f8r de 3 bj\u00f8rne og \u00f8del\u00e6gger festen med sin uh\u00f8flige opf\u00f8rsel, men Bedste har en overraskende l\u00f8sning&#8230;<\/p>\n","protected":false},"featured_media":1169,"template":"","meta":[],"product_brand":[],"product_cat":[126,81,27,35],"product_tag":[300,178,179],"class_list":{"0":"post-908","1":"product","2":"type-product","3":"status-publish","4":"has-post-thumbnail","6":"product_cat-alle-tiders-boerneboeger-2000-2009","7":"product_cat-billedboeger","8":"product_cat-boeger","9":"product_cat-barneboger","10":"product_tag-guldlok","11":"product_tag-jan-fearnley","12":"product_tag-ulve","13":"product_shipping_class-under-1-kg","15":"first","16":"instock","17":"shipping-taxable","18":"purchasable","19":"product-type-simple"},"yoast_head":"<!-- This site is optimized with the Yoast SEO Premium plugin v27.4 (Yoast SEO v27.5) - https:\/\/yoast.com\/product\/yoast-seo-premium-wordpress\/ -->\n<title>Hr. Ulfsen holder f\u00f8dselsdagsfest for Lillebj\u00f8rn af Jan Fearnley - B\u00f8ger og Ting<\/title>\n<meta name=\"robots\" content=\"index, follow, max-snippet:-1, max-image-preview:large, max-video-preview:-1\" \/>\n<link rel=\"canonical\" href=\"https:\/\/www.xn--bgerogting-0cb.dk\/index.php\/vare\/hr-ulfsen-holder-foedselsdagsfest-for-lillebjoern-af-jan-fearnley\/\" \/>\n<meta property=\"og:locale\" content=\"da_DK\" \/>\n<meta property=\"og:type\" content=\"article\" \/>\n<meta property=\"og:title\" content=\"Hr. Ulfsen holder f\u00f8dselsdagsfest for Lillebj\u00f8rn af Jan Fearnley\" \/>\n<meta property=\"og:description\" content=\"Bogklubben Rasmus, 2002 - 28 sider - Hardback. Originaltitel: Mr. Wolf and the three bears, 2001. Meget fint eksemplar.  Billedbog hvor ulven og Bedstemor Ulv laver mad og arrangerer fest for Lillebj\u00f8rn. Guldlok ankommer f\u00f8r de 3 bj\u00f8rne og \u00f8del\u00e6gger festen med sin uh\u00f8flige opf\u00f8rsel, men Bedste har en overraskende l\u00f8sning...\" \/>\n<meta property=\"og:url\" content=\"https:\/\/www.xn--bgerogting-0cb.dk\/index.php\/vare\/hr-ulfsen-holder-foedselsdagsfest-for-lillebjoern-af-jan-fearnley\/\" \/>\n<meta property=\"og:site_name\" content=\"B\u00f8ger og Ting\" \/>\n<meta property=\"article:publisher\" content=\"https:\/\/www.facebook.com\/boegerogting\/\" \/>\n<meta property=\"article:modified_time\" content=\"2020-02-06T15:37:08+00:00\" \/>\n<meta property=\"og:image\" content=\"https:\/\/i1.wp.com\/www.xn--bgerogting-0cb.dk\/wp-content\/uploads\/2019\/10\/Hr.-Ulfsen-holder-f\u00f8dselsdagsfest-for-Lillebj\u00f8rn-af-Jan-Fearnley.jpg?fit=960%2C960&ssl=1\" \/>\n\t<meta property=\"og:image:width\" content=\"960\" \/>\n\t<meta property=\"og:image:height\" content=\"960\" \/>\n\t<meta property=\"og:image:type\" content=\"image\/jpeg\" \/>\n<meta name=\"twitter:card\" content=\"summary_large_image\" \/>\n<meta name=\"twitter:label1\" content=\"Pris\" \/>\n\t<meta name=\"twitter:data1\" content=\"kr.&nbsp;60,00\" \/>\n\t<meta name=\"twitter:label2\" content=\"Tilg\u00e6ngelighed\" \/>\n\t<meta name=\"twitter:data2\" content=\"P\u00e5 lager\" \/>\n<script type=\"application\/ld+json\" class=\"yoast-schema-graph\">{\"@context\":\"https:\\\/\\\/schema.org\",\"@graph\":[{\"@type\":\"WebPage\",\"@id\":\"https:\\\/\\\/www.xn--bgerogting-0cb.dk\\\/index.php\\\/vare\\\/hr-ulfsen-holder-foedselsdagsfest-for-lillebjoern-af-jan-fearnley\\\/\",\"url\":\"https:\\\/\\\/www.xn--bgerogting-0cb.dk\\\/index.php\\\/vare\\\/hr-ulfsen-holder-foedselsdagsfest-for-lillebjoern-af-jan-fearnley\\\/\",\"name\":\"Hr. Ulfsen holder f\u00f8dselsdagsfest for Lillebj\u00f8rn af Jan Fearnley - B\u00f8ger og Ting\",\"isPartOf\":{\"@id\":\"https:\\\/\\\/www.xn--bgerogting-0cb.dk\\\/#website\"},\"primaryImageOfPage\":{\"@id\":\"https:\\\/\\\/www.xn--bgerogting-0cb.dk\\\/index.php\\\/vare\\\/hr-ulfsen-holder-foedselsdagsfest-for-lillebjoern-af-jan-fearnley\\\/#primaryimage\"},\"image\":{\"@id\":\"https:\\\/\\\/www.xn--bgerogting-0cb.dk\\\/index.php\\\/vare\\\/hr-ulfsen-holder-foedselsdagsfest-for-lillebjoern-af-jan-fearnley\\\/#primaryimage\"},\"thumbnailUrl\":\"https:\\\/\\\/i0.wp.com\\\/www.xn--bgerogting-0cb.dk\\\/wp-content\\\/uploads\\\/2019\\\/10\\\/Hr.-Ulfsen-holder-f%C3%B8dselsdagsfest-for-Lillebj%C3%B8rn-af-Jan-Fearnley.jpg?fit=960%2C960&ssl=1\",\"datePublished\":\"2019-10-10T10:44:06+00:00\",\"dateModified\":\"2020-02-06T15:37:08+00:00\",\"breadcrumb\":{\"@id\":\"https:\\\/\\\/www.xn--bgerogting-0cb.dk\\\/index.php\\\/vare\\\/hr-ulfsen-holder-foedselsdagsfest-for-lillebjoern-af-jan-fearnley\\\/#breadcrumb\"},\"inLanguage\":\"da-DK\",\"potentialAction\":[{\"@type\":\"ReadAction\",\"target\":[\"https:\\\/\\\/www.xn--bgerogting-0cb.dk\\\/index.php\\\/vare\\\/hr-ulfsen-holder-foedselsdagsfest-for-lillebjoern-af-jan-fearnley\\\/\"]}]},{\"@type\":\"ImageObject\",\"inLanguage\":\"da-DK\",\"@id\":\"https:\\\/\\\/www.xn--bgerogting-0cb.dk\\\/index.php\\\/vare\\\/hr-ulfsen-holder-foedselsdagsfest-for-lillebjoern-af-jan-fearnley\\\/#primaryimage\",\"url\":\"https:\\\/\\\/i0.wp.com\\\/www.xn--bgerogting-0cb.dk\\\/wp-content\\\/uploads\\\/2019\\\/10\\\/Hr.-Ulfsen-holder-f%C3%B8dselsdagsfest-for-Lillebj%C3%B8rn-af-Jan-Fearnley.jpg?fit=960%2C960&ssl=1\",\"contentUrl\":\"https:\\\/\\\/i0.wp.com\\\/www.xn--bgerogting-0cb.dk\\\/wp-content\\\/uploads\\\/2019\\\/10\\\/Hr.-Ulfsen-holder-f%C3%B8dselsdagsfest-for-Lillebj%C3%B8rn-af-Jan-Fearnley.jpg?fit=960%2C960&ssl=1\",\"width\":960,\"height\":960,\"caption\":\"Hr. Ulfsen holder f\u00f8dselsdagsfest for Lillebj\u00f8rn af Jan Fearnley\"},{\"@type\":\"BreadcrumbList\",\"@id\":\"https:\\\/\\\/www.xn--bgerogting-0cb.dk\\\/index.php\\\/vare\\\/hr-ulfsen-holder-foedselsdagsfest-for-lillebjoern-af-jan-fearnley\\\/#breadcrumb\",\"itemListElement\":[{\"@type\":\"ListItem\",\"position\":1,\"name\":\"Home\",\"item\":\"https:\\\/\\\/www.xn--bgerogting-0cb.dk\\\/\"},{\"@type\":\"ListItem\",\"position\":2,\"name\":\"Butik\",\"item\":\"https:\\\/\\\/www.xn--bgerogting-0cb.dk\\\/index.php\\\/shop\\\/\"},{\"@type\":\"ListItem\",\"position\":3,\"name\":\"Hr. Ulfsen holder f\u00f8dselsdagsfest for Lillebj\u00f8rn af Jan Fearnley\"}]},{\"@type\":\"WebSite\",\"@id\":\"https:\\\/\\\/www.xn--bgerogting-0cb.dk\\\/#website\",\"url\":\"https:\\\/\\\/www.xn--bgerogting-0cb.dk\\\/\",\"name\":\"B\u00f8ger og Ting\",\"description\":\"Antikvarisk, retro, vintage og antik\",\"publisher\":{\"@id\":\"https:\\\/\\\/www.xn--bgerogting-0cb.dk\\\/#organization\"},\"potentialAction\":[{\"@type\":\"SearchAction\",\"target\":{\"@type\":\"EntryPoint\",\"urlTemplate\":\"https:\\\/\\\/www.xn--bgerogting-0cb.dk\\\/?s={search_term_string}\"},\"query-input\":{\"@type\":\"PropertyValueSpecification\",\"valueRequired\":true,\"valueName\":\"search_term_string\"}}],\"inLanguage\":\"da-DK\"},{\"@type\":\"Organization\",\"@id\":\"https:\\\/\\\/www.xn--bgerogting-0cb.dk\\\/#organization\",\"name\":\"B\u00f8ger og Ting\",\"url\":\"https:\\\/\\\/www.xn--bgerogting-0cb.dk\\\/\",\"logo\":{\"@type\":\"ImageObject\",\"inLanguage\":\"da-DK\",\"@id\":\"https:\\\/\\\/www.xn--bgerogting-0cb.dk\\\/#\\\/schema\\\/logo\\\/image\\\/\",\"url\":\"https:\\\/\\\/i0.wp.com\\\/www.xn--bgerogting-0cb.dk\\\/wp-content\\\/uploads\\\/2019\\\/10\\\/webicon.png?fit=205%2C205&ssl=1\",\"contentUrl\":\"https:\\\/\\\/i0.wp.com\\\/www.xn--bgerogting-0cb.dk\\\/wp-content\\\/uploads\\\/2019\\\/10\\\/webicon.png?fit=205%2C205&ssl=1\",\"width\":205,\"height\":205,\"caption\":\"B\u00f8ger og Ting\"},\"image\":{\"@id\":\"https:\\\/\\\/www.xn--bgerogting-0cb.dk\\\/#\\\/schema\\\/logo\\\/image\\\/\"},\"sameAs\":[\"https:\\\/\\\/www.facebook.com\\\/boegerogting\\\/\",\"https:\\\/\\\/www.instagram.com\\\/bogerogting\\\/\"]}]}<\/script>\n<meta property=\"product:price:amount\" content=\"60.00\" \/>\n<meta property=\"product:price:currency\" content=\"DKK\" \/>\n<meta property=\"og:availability\" content=\"instock\" \/>\n<meta property=\"product:availability\" content=\"instock\" \/>\n<meta property=\"product:retailer_item_id\" content=\"1302\" \/>\n<meta property=\"product:condition\" content=\"new\" \/>\n<!-- \/ Yoast SEO Premium plugin. -->","yoast_head_json":{"title":"Hr. Ulfsen holder f\u00f8dselsdagsfest for Lillebj\u00f8rn af Jan Fearnley - B\u00f8ger og Ting","robots":{"index":"index","follow":"follow","max-snippet":"max-snippet:-1","max-image-preview":"max-image-preview:large","max-video-preview":"max-video-preview:-1"},"canonical":"https:\/\/www.xn--bgerogting-0cb.dk\/index.php\/vare\/hr-ulfsen-holder-foedselsdagsfest-for-lillebjoern-af-jan-fearnley\/","og_locale":"da_DK","og_type":"article","og_title":"Hr. Ulfsen holder f\u00f8dselsdagsfest for Lillebj\u00f8rn af Jan Fearnley","og_description":"Bogklubben Rasmus, 2002 - 28 sider - Hardback. Originaltitel: Mr. Wolf and the three bears, 2001. Meget fint eksemplar.  Billedbog hvor ulven og Bedstemor Ulv laver mad og arrangerer fest for Lillebj\u00f8rn. Guldlok ankommer f\u00f8r de 3 bj\u00f8rne og \u00f8del\u00e6gger festen med sin uh\u00f8flige opf\u00f8rsel, men Bedste har en overraskende l\u00f8sning...","og_url":"https:\/\/www.xn--bgerogting-0cb.dk\/index.php\/vare\/hr-ulfsen-holder-foedselsdagsfest-for-lillebjoern-af-jan-fearnley\/","og_site_name":"B\u00f8ger og Ting","article_publisher":"https:\/\/www.facebook.com\/boegerogting\/","article_modified_time":"2020-02-06T15:37:08+00:00","og_image":[{"width":960,"height":960,"url":"https:\/\/i1.wp.com\/www.xn--bgerogting-0cb.dk\/wp-content\/uploads\/2019\/10\/Hr.-Ulfsen-holder-f\u00f8dselsdagsfest-for-Lillebj\u00f8rn-af-Jan-Fearnley.jpg?fit=960%2C960&ssl=1","type":"image\/jpeg"}],"twitter_card":"summary_large_image","twitter_misc":{"Pris":"kr.&nbsp;60,00","Tilg\u00e6ngelighed":"P\u00e5 lager"},"schema":{"@context":"https:\/\/schema.org","@graph":[{"@type":"WebPage","@id":"https:\/\/www.xn--bgerogting-0cb.dk\/index.php\/vare\/hr-ulfsen-holder-foedselsdagsfest-for-lillebjoern-af-jan-fearnley\/","url":"https:\/\/www.xn--bgerogting-0cb.dk\/index.php\/vare\/hr-ulfsen-holder-foedselsdagsfest-for-lillebjoern-af-jan-fearnley\/","name":"Hr. Ulfsen holder f\u00f8dselsdagsfest for Lillebj\u00f8rn af Jan Fearnley - B\u00f8ger og Ting","isPartOf":{"@id":"https:\/\/www.xn--bgerogting-0cb.dk\/#website"},"primaryImageOfPage":{"@id":"https:\/\/www.xn--bgerogting-0cb.dk\/index.php\/vare\/hr-ulfsen-holder-foedselsdagsfest-for-lillebjoern-af-jan-fearnley\/#primaryimage"},"image":{"@id":"https:\/\/www.xn--bgerogting-0cb.dk\/index.php\/vare\/hr-ulfsen-holder-foedselsdagsfest-for-lillebjoern-af-jan-fearnley\/#primaryimage"},"thumbnailUrl":"https:\/\/i0.wp.com\/www.xn--bgerogting-0cb.dk\/wp-content\/uploads\/2019\/10\/Hr.-Ulfsen-holder-f%C3%B8dselsdagsfest-for-Lillebj%C3%B8rn-af-Jan-Fearnley.jpg?fit=960%2C960&ssl=1","datePublished":"2019-10-10T10:44:06+00:00","dateModified":"2020-02-06T15:37:08+00:00","breadcrumb":{"@id":"https:\/\/www.xn--bgerogting-0cb.dk\/index.php\/vare\/hr-ulfsen-holder-foedselsdagsfest-for-lillebjoern-af-jan-fearnley\/#breadcrumb"},"inLanguage":"da-DK","potentialAction":[{"@type":"ReadAction","target":["https:\/\/www.xn--bgerogting-0cb.dk\/index.php\/vare\/hr-ulfsen-holder-foedselsdagsfest-for-lillebjoern-af-jan-fearnley\/"]}]},{"@type":"ImageObject","inLanguage":"da-DK","@id":"https:\/\/www.xn--bgerogting-0cb.dk\/index.php\/vare\/hr-ulfsen-holder-foedselsdagsfest-for-lillebjoern-af-jan-fearnley\/#primaryimage","url":"https:\/\/i0.wp.com\/www.xn--bgerogting-0cb.dk\/wp-content\/uploads\/2019\/10\/Hr.-Ulfsen-holder-f%C3%B8dselsdagsfest-for-Lillebj%C3%B8rn-af-Jan-Fearnley.jpg?fit=960%2C960&ssl=1","contentUrl":"https:\/\/i0.wp.com\/www.xn--bgerogting-0cb.dk\/wp-content\/uploads\/2019\/10\/Hr.-Ulfsen-holder-f%C3%B8dselsdagsfest-for-Lillebj%C3%B8rn-af-Jan-Fearnley.jpg?fit=960%2C960&ssl=1","width":960,"height":960,"caption":"Hr. Ulfsen holder f\u00f8dselsdagsfest for Lillebj\u00f8rn af Jan Fearnley"},{"@type":"BreadcrumbList","@id":"https:\/\/www.xn--bgerogting-0cb.dk\/index.php\/vare\/hr-ulfsen-holder-foedselsdagsfest-for-lillebjoern-af-jan-fearnley\/#breadcrumb","itemListElement":[{"@type":"ListItem","position":1,"name":"Home","item":"https:\/\/www.xn--bgerogting-0cb.dk\/"},{"@type":"ListItem","position":2,"name":"Butik","item":"https:\/\/www.xn--bgerogting-0cb.dk\/index.php\/shop\/"},{"@type":"ListItem","position":3,"name":"Hr. Ulfsen holder f\u00f8dselsdagsfest for Lillebj\u00f8rn af Jan Fearnley"}]},{"@type":"WebSite","@id":"https:\/\/www.xn--bgerogting-0cb.dk\/#website","url":"https:\/\/www.xn--bgerogting-0cb.dk\/","name":"B\u00f8ger og Ting","description":"Antikvarisk, retro, vintage og antik","publisher":{"@id":"https:\/\/www.xn--bgerogting-0cb.dk\/#organization"},"potentialAction":[{"@type":"SearchAction","target":{"@type":"EntryPoint","urlTemplate":"https:\/\/www.xn--bgerogting-0cb.dk\/?s={search_term_string}"},"query-input":{"@type":"PropertyValueSpecification","valueRequired":true,"valueName":"search_term_string"}}],"inLanguage":"da-DK"},{"@type":"Organization","@id":"https:\/\/www.xn--bgerogting-0cb.dk\/#organization","name":"B\u00f8ger og Ting","url":"https:\/\/www.xn--bgerogting-0cb.dk\/","logo":{"@type":"ImageObject","inLanguage":"da-DK","@id":"https:\/\/www.xn--bgerogting-0cb.dk\/#\/schema\/logo\/image\/","url":"https:\/\/i0.wp.com\/www.xn--bgerogting-0cb.dk\/wp-content\/uploads\/2019\/10\/webicon.png?fit=205%2C205&ssl=1","contentUrl":"https:\/\/i0.wp.com\/www.xn--bgerogting-0cb.dk\/wp-content\/uploads\/2019\/10\/webicon.png?fit=205%2C205&ssl=1","width":205,"height":205,"caption":"B\u00f8ger og Ting"},"image":{"@id":"https:\/\/www.xn--bgerogting-0cb.dk\/#\/schema\/logo\/image\/"},"sameAs":["https:\/\/www.facebook.com\/boegerogting\/","https:\/\/www.instagram.com\/bogerogting\/"]}]},"product_price_amount":"60.00","product_price_currency":"DKK","og_availability":"instock","product_availability":"instock","product_retailer_item_id":"1302","product_condition":"new"},"jetpack_sharing_enabled":true,"_links":{"self":[{"href":"https:\/\/www.xn--bgerogting-0cb.dk\/index.php\/wp-json\/wp\/v2\/product\/908","targetHints":{"allow":["GET"]}}],"collection":[{"href":"https:\/\/www.xn--bgerogting-0cb.dk\/index.php\/wp-json\/wp\/v2\/product"}],"about":[{"href":"https:\/\/www.xn--bgerogting-0cb.dk\/index.php\/wp-json\/wp\/v2\/types\/product"}],"wp:featuredmedia":[{"embeddable":true,"href":"https:\/\/www.xn--bgerogting-0cb.dk\/index.php\/wp-json\/wp\/v2\/media\/1169"}],"wp:attachment":[{"href":"https:\/\/www.xn--bgerogting-0cb.dk\/index.php\/wp-json\/wp\/v2\/media?parent=908"}],"wp:term":[{"taxonomy":"product_brand","embeddable":true,"href":"https:\/\/www.xn--bgerogting-0cb.dk\/index.php\/wp-json\/wp\/v2\/product_brand?post=908"},{"taxonomy":"product_cat","embeddable":true,"href":"https:\/\/www.xn--bgerogting-0cb.dk\/index.php\/wp-json\/wp\/v2\/product_cat?post=908"},{"taxonomy":"product_tag","embeddable":true,"href":"https:\/\/www.xn--bgerogting-0cb.dk\/index.php\/wp-json\/wp\/v2\/product_tag?post=908"}],"curies":[{"name":"wp","href":"https:\/\/api.w.org\/{rel}","templated":true}]}}