{"id":15322,"date":"2023-11-18T18:19:15","date_gmt":"2023-11-18T17:19:15","guid":{"rendered":"https:\/\/www.xn--bgerogting-0cb.dk\/?post_type=product&#038;p=15322"},"modified":"2023-11-18T18:26:16","modified_gmt":"2023-11-18T17:26:16","slug":"arkitekturens-historie-den-europaeiske-arkitektur-af-vilhelm-wanscher","status":"publish","type":"product","link":"https:\/\/www.xn--bgerogting-0cb.dk\/index.php\/vare\/arkitekturens-historie-den-europaeiske-arkitektur-af-vilhelm-wanscher\/","title":{"rendered":"Arkitekturens historie : den europ\u00e6iske arkitektur af Vilhelm Wanscher"},"content":{"rendered":"<p>Architekturens historie : den europ\u00e6iske architektur af Vilhelm Wanscher.<br \/>\nThaning &amp; Appels Forlag, 1965 &#8211; 2. udgave &#8211; Originalt halvl\u00e6rredsbind. Ikke kantsbesk\u00e5ret.<br \/>\nIllustreret med stregtegninger &#8211; F\u00f8rste udgave blev udgivet af P.\u00a0 Haase &amp; S\u00f8n\u00a0 i 3 bind 1927 &#8211; 1931.<br \/>\nBogen er i meget fin stand.<\/p>\n<p>Fotografisk optryk af\u00a0 udvalgte kapitler af f\u00f8rsteudgaven fra 1920&#8217;erne.<br \/>\nOmfatter med udvalgte eksempler klassisk arkitektur fra den gr\u00e6ske oldtid frem til og med h\u00f8jbarokken i det 17. \u00e5rhundrede.<\/p>\n<p>Forord: &#8220;Denne bog omfatter den europ\u00e6iske arkitekturs historie i udvalgte kapitler fra Vilhelm Wanchers tre-binds v\u00e6rk Architekturens Historie, der udkom i \u00e5rene 1927-31. Enkelte af kapitlerne er forkortede, ligesom afsnit indeholdende excurser, kildemateriale, navneregister og ordforklaringer er udelandt. Noter med anf\u00f8relse af romertal I, II og III henviser til originaludgaven.<br \/>\nVilhelm Wancher siger i sit forord til tredie bind: Vi g\u00e5r direkte til v\u00e6rkerne med den autentiske m\u00e5lestok i h\u00e5nden, der der var g\u00e6ldende m\u00e5leenhed i datiden. Derved l\u00e6rer vi denn uhyre indsats af erfaring og genial intelligens i hine v\u00e6rker at kende, og p\u00e5 mange omr\u00e5der f\u00e5r vi nye ideer om architekturen som den h\u00f8jeste og mest varige af alle kunstarter, den der fremfor nogen anden kunstart bringer os selv &#8220;midt ind i tingene&#8221;, in media res.&#8221;<\/p>\n","protected":false},"excerpt":{"rendered":"<p>Architekturens historie : den europ\u00e6iske architektur af Vilhelm Wanscher.<br \/>\nThaning &amp; Appels Forlag, 1965 &#8211; 2. udgave &#8211; Originalt halvl\u00e6rredsbind. Ikke kantsbesk\u00e5ret.<br \/>\nIllustreret med stregtegninger &#8211; F\u00f8rste udgave blev udgivet af P.\u00a0 Haase &amp; S\u00f8n\u00a0 i 3 bind 1927 &#8211; 1931.<br \/>\nBogen er i meget fin stand.<\/p>\n<p>Fotografisk optryk af\u00a0 udvalgte kapitler af f\u00f8rsteudgaven fra 1920&#8217;erne.<br \/>\nOmfatter med udvalgte eksempler klassisk arkitektur fra den gr\u00e6ske oldtid frem til og med h\u00f8jbarokken i det 17. \u00e5rhundrede.<\/p>\n<p>Forord: &#8220;Denne bog omfatter den europ\u00e6iske arkitekturs historie i udvalgte kapitler fra Vilhelm Wanchers tre-binds v\u00e6rk Architekturens Historie, der udkom i \u00e5rene 1927-31. Enkelte af kapitlerne er forkortede, ligesom afsnit indeholdende excurser, kildemateriale, navneregister og ordforklaringer er udelandt. Noter med anf\u00f8relse af romertal I, II og III henviser til originaludgaven.<br \/>\nVilhelm Wancher siger i sit forord til tredie bind: Vi g\u00e5r direkte til v\u00e6rkerne med den autentiske m\u00e5lestok i h\u00e5nden, der der var g\u00e6ldende m\u00e5leenhed i datiden. Derved l\u00e6rer vi denn uhyre indsats af erfaring og genial intelligens i hine v\u00e6rker at kende, og p\u00e5 mange omr\u00e5der f\u00e5r vi nye ideer om architekturen som den h\u00f8jeste og mest varige af alle kunstarter, den der fremfor nogen anden kunstart bringer os selv &#8220;midt ind i tingene&#8221;, in media res.&#8221;<\/p>\n","protected":false},"featured_media":15358,"template":"","meta":[],"product_brand":[],"product_cat":[1479,27,28],"product_tag":[859,1480],"class_list":{"0":"post-15322","1":"product","2":"type-product","3":"status-publish","4":"has-post-thumbnail","6":"product_cat-arkitektur","7":"product_cat-boeger","8":"product_cat-fagboeger","9":"product_tag-arkitektur","10":"product_tag-vilhelm-wanscher","12":"first","13":"instock","14":"shipping-taxable","15":"purchasable","16":"product-type-simple"},"yoast_head":"<!-- This site is optimized with the Yoast SEO Premium plugin v27.4 (Yoast SEO v27.5) - https:\/\/yoast.com\/product\/yoast-seo-premium-wordpress\/ -->\n<title>Arkitekturens historie : den europ\u00e6iske arkitektur af Vilhelm Wanscher - B\u00f8ger og Ting<\/title>\n<meta name=\"description\" content=\"Architekturens historie : den europ\u00e6iske architektur af Vilhelm Wanscher - Thaning &amp; Appels Forlag, 1965 - 2. udgave - Originalt halvl\u00e6rredsbind.\" \/>\n<meta name=\"robots\" content=\"index, follow, max-snippet:-1, max-image-preview:large, max-video-preview:-1\" \/>\n<link rel=\"canonical\" href=\"https:\/\/www.xn--bgerogting-0cb.dk\/index.php\/vare\/arkitekturens-historie-den-europaeiske-arkitektur-af-vilhelm-wanscher\/\" \/>\n<meta property=\"og:locale\" content=\"da_DK\" \/>\n<meta property=\"og:type\" content=\"article\" \/>\n<meta property=\"og:title\" content=\"Arkitekturens historie : den europ\u00e6iske arkitektur af Vilhelm Wanscher\" \/>\n<meta property=\"og:description\" content=\"Architekturens historie : den europ\u00e6iske architektur af Vilhelm Wanscher - Thaning &amp; Appels Forlag, 1965 - 2. udgave - Originalt halvl\u00e6rredsbind.\" \/>\n<meta property=\"og:url\" content=\"https:\/\/www.xn--bgerogting-0cb.dk\/index.php\/vare\/arkitekturens-historie-den-europaeiske-arkitektur-af-vilhelm-wanscher\/\" \/>\n<meta property=\"og:site_name\" content=\"B\u00f8ger og Ting\" \/>\n<meta property=\"article:publisher\" content=\"https:\/\/www.facebook.com\/boegerogting\/\" \/>\n<meta property=\"article:modified_time\" content=\"2023-11-18T17:26:16+00:00\" \/>\n<meta property=\"og:image\" content=\"https:\/\/www.xn--bgerogting-0cb.dk\/wp-content\/uploads\/2023\/11\/Arkitekturens-historie-af-Vilhelm-Wanscher.jpg\" \/>\n\t<meta property=\"og:image:width\" content=\"1920\" \/>\n\t<meta property=\"og:image:height\" content=\"1920\" \/>\n\t<meta property=\"og:image:type\" content=\"image\/jpeg\" \/>\n<meta name=\"twitter:card\" content=\"summary_large_image\" \/>\n<meta name=\"twitter:label1\" content=\"Pris\" \/>\n\t<meta name=\"twitter:data1\" content=\"kr.&nbsp;175,00\" \/>\n\t<meta name=\"twitter:label2\" content=\"Tilg\u00e6ngelighed\" \/>\n\t<meta name=\"twitter:data2\" content=\"P\u00e5 lager\" \/>\n<script type=\"application\/ld+json\" class=\"yoast-schema-graph\">{\"@context\":\"https:\\\/\\\/schema.org\",\"@graph\":[{\"@type\":\"WebPage\",\"@id\":\"https:\\\/\\\/www.xn--bgerogting-0cb.dk\\\/index.php\\\/vare\\\/arkitekturens-historie-den-europaeiske-arkitektur-af-vilhelm-wanscher\\\/\",\"url\":\"https:\\\/\\\/www.xn--bgerogting-0cb.dk\\\/index.php\\\/vare\\\/arkitekturens-historie-den-europaeiske-arkitektur-af-vilhelm-wanscher\\\/\",\"name\":\"Arkitekturens historie : den europ\u00e6iske arkitektur af Vilhelm Wanscher - B\u00f8ger og Ting\",\"isPartOf\":{\"@id\":\"https:\\\/\\\/www.xn--bgerogting-0cb.dk\\\/#website\"},\"primaryImageOfPage\":{\"@id\":\"https:\\\/\\\/www.xn--bgerogting-0cb.dk\\\/index.php\\\/vare\\\/arkitekturens-historie-den-europaeiske-arkitektur-af-vilhelm-wanscher\\\/#primaryimage\"},\"image\":{\"@id\":\"https:\\\/\\\/www.xn--bgerogting-0cb.dk\\\/index.php\\\/vare\\\/arkitekturens-historie-den-europaeiske-arkitektur-af-vilhelm-wanscher\\\/#primaryimage\"},\"thumbnailUrl\":\"https:\\\/\\\/i0.wp.com\\\/www.xn--bgerogting-0cb.dk\\\/wp-content\\\/uploads\\\/2023\\\/11\\\/Arkitekturens-historie-af-Vilhelm-Wanscher.jpg?fit=1920%2C1920&ssl=1\",\"datePublished\":\"2023-11-18T17:19:15+00:00\",\"dateModified\":\"2023-11-18T17:26:16+00:00\",\"description\":\"Architekturens historie : den europ\u00e6iske architektur af Vilhelm Wanscher - Thaning & Appels Forlag, 1965 - 2. udgave - Originalt halvl\u00e6rredsbind.\",\"breadcrumb\":{\"@id\":\"https:\\\/\\\/www.xn--bgerogting-0cb.dk\\\/index.php\\\/vare\\\/arkitekturens-historie-den-europaeiske-arkitektur-af-vilhelm-wanscher\\\/#breadcrumb\"},\"inLanguage\":\"da-DK\",\"potentialAction\":[{\"@type\":\"ReadAction\",\"target\":[\"https:\\\/\\\/www.xn--bgerogting-0cb.dk\\\/index.php\\\/vare\\\/arkitekturens-historie-den-europaeiske-arkitektur-af-vilhelm-wanscher\\\/\"]}]},{\"@type\":\"ImageObject\",\"inLanguage\":\"da-DK\",\"@id\":\"https:\\\/\\\/www.xn--bgerogting-0cb.dk\\\/index.php\\\/vare\\\/arkitekturens-historie-den-europaeiske-arkitektur-af-vilhelm-wanscher\\\/#primaryimage\",\"url\":\"https:\\\/\\\/i0.wp.com\\\/www.xn--bgerogting-0cb.dk\\\/wp-content\\\/uploads\\\/2023\\\/11\\\/Arkitekturens-historie-af-Vilhelm-Wanscher.jpg?fit=1920%2C1920&ssl=1\",\"contentUrl\":\"https:\\\/\\\/i0.wp.com\\\/www.xn--bgerogting-0cb.dk\\\/wp-content\\\/uploads\\\/2023\\\/11\\\/Arkitekturens-historie-af-Vilhelm-Wanscher.jpg?fit=1920%2C1920&ssl=1\",\"width\":1920,\"height\":1920,\"caption\":\"Arkitekturens historie af Vilhelm Wanscher\"},{\"@type\":\"BreadcrumbList\",\"@id\":\"https:\\\/\\\/www.xn--bgerogting-0cb.dk\\\/index.php\\\/vare\\\/arkitekturens-historie-den-europaeiske-arkitektur-af-vilhelm-wanscher\\\/#breadcrumb\",\"itemListElement\":[{\"@type\":\"ListItem\",\"position\":1,\"name\":\"Home\",\"item\":\"https:\\\/\\\/www.xn--bgerogting-0cb.dk\\\/\"},{\"@type\":\"ListItem\",\"position\":2,\"name\":\"Butik\",\"item\":\"https:\\\/\\\/www.xn--bgerogting-0cb.dk\\\/index.php\\\/shop\\\/\"},{\"@type\":\"ListItem\",\"position\":3,\"name\":\"Arkitekturens historie : den europ\u00e6iske arkitektur af Vilhelm Wanscher\"}]},{\"@type\":\"WebSite\",\"@id\":\"https:\\\/\\\/www.xn--bgerogting-0cb.dk\\\/#website\",\"url\":\"https:\\\/\\\/www.xn--bgerogting-0cb.dk\\\/\",\"name\":\"B\u00f8ger og Ting\",\"description\":\"Antikvarisk, retro, vintage og antik\",\"publisher\":{\"@id\":\"https:\\\/\\\/www.xn--bgerogting-0cb.dk\\\/#organization\"},\"potentialAction\":[{\"@type\":\"SearchAction\",\"target\":{\"@type\":\"EntryPoint\",\"urlTemplate\":\"https:\\\/\\\/www.xn--bgerogting-0cb.dk\\\/?s={search_term_string}\"},\"query-input\":{\"@type\":\"PropertyValueSpecification\",\"valueRequired\":true,\"valueName\":\"search_term_string\"}}],\"inLanguage\":\"da-DK\"},{\"@type\":\"Organization\",\"@id\":\"https:\\\/\\\/www.xn--bgerogting-0cb.dk\\\/#organization\",\"name\":\"B\u00f8ger og Ting\",\"url\":\"https:\\\/\\\/www.xn--bgerogting-0cb.dk\\\/\",\"logo\":{\"@type\":\"ImageObject\",\"inLanguage\":\"da-DK\",\"@id\":\"https:\\\/\\\/www.xn--bgerogting-0cb.dk\\\/#\\\/schema\\\/logo\\\/image\\\/\",\"url\":\"https:\\\/\\\/i0.wp.com\\\/www.xn--bgerogting-0cb.dk\\\/wp-content\\\/uploads\\\/2019\\\/10\\\/webicon.png?fit=205%2C205&ssl=1\",\"contentUrl\":\"https:\\\/\\\/i0.wp.com\\\/www.xn--bgerogting-0cb.dk\\\/wp-content\\\/uploads\\\/2019\\\/10\\\/webicon.png?fit=205%2C205&ssl=1\",\"width\":205,\"height\":205,\"caption\":\"B\u00f8ger og Ting\"},\"image\":{\"@id\":\"https:\\\/\\\/www.xn--bgerogting-0cb.dk\\\/#\\\/schema\\\/logo\\\/image\\\/\"},\"sameAs\":[\"https:\\\/\\\/www.facebook.com\\\/boegerogting\\\/\",\"https:\\\/\\\/www.instagram.com\\\/bogerogting\\\/\"]}]}<\/script>\n<meta property=\"product:price:amount\" content=\"175.00\" \/>\n<meta property=\"product:price:currency\" content=\"DKK\" \/>\n<meta property=\"og:availability\" content=\"instock\" \/>\n<meta property=\"product:availability\" content=\"instock\" \/>\n<meta property=\"product:retailer_item_id\" content=\"9920\" \/>\n<meta property=\"product:condition\" content=\"new\" \/>\n<!-- \/ Yoast SEO Premium plugin. -->","yoast_head_json":{"title":"Arkitekturens historie : den europ\u00e6iske arkitektur af Vilhelm Wanscher - B\u00f8ger og Ting","description":"Architekturens historie : den europ\u00e6iske architektur af Vilhelm Wanscher - Thaning & Appels Forlag, 1965 - 2. udgave - Originalt halvl\u00e6rredsbind.","robots":{"index":"index","follow":"follow","max-snippet":"max-snippet:-1","max-image-preview":"max-image-preview:large","max-video-preview":"max-video-preview:-1"},"canonical":"https:\/\/www.xn--bgerogting-0cb.dk\/index.php\/vare\/arkitekturens-historie-den-europaeiske-arkitektur-af-vilhelm-wanscher\/","og_locale":"da_DK","og_type":"article","og_title":"Arkitekturens historie : den europ\u00e6iske arkitektur af Vilhelm Wanscher","og_description":"Architekturens historie : den europ\u00e6iske architektur af Vilhelm Wanscher - Thaning & Appels Forlag, 1965 - 2. udgave - Originalt halvl\u00e6rredsbind.","og_url":"https:\/\/www.xn--bgerogting-0cb.dk\/index.php\/vare\/arkitekturens-historie-den-europaeiske-arkitektur-af-vilhelm-wanscher\/","og_site_name":"B\u00f8ger og Ting","article_publisher":"https:\/\/www.facebook.com\/boegerogting\/","article_modified_time":"2023-11-18T17:26:16+00:00","og_image":[{"width":1920,"height":1920,"url":"https:\/\/www.xn--bgerogting-0cb.dk\/wp-content\/uploads\/2023\/11\/Arkitekturens-historie-af-Vilhelm-Wanscher.jpg","type":"image\/jpeg"}],"twitter_card":"summary_large_image","twitter_misc":{"Pris":"kr.&nbsp;175,00","Tilg\u00e6ngelighed":"P\u00e5 lager"},"schema":{"@context":"https:\/\/schema.org","@graph":[{"@type":"WebPage","@id":"https:\/\/www.xn--bgerogting-0cb.dk\/index.php\/vare\/arkitekturens-historie-den-europaeiske-arkitektur-af-vilhelm-wanscher\/","url":"https:\/\/www.xn--bgerogting-0cb.dk\/index.php\/vare\/arkitekturens-historie-den-europaeiske-arkitektur-af-vilhelm-wanscher\/","name":"Arkitekturens historie : den europ\u00e6iske arkitektur af Vilhelm Wanscher - B\u00f8ger og Ting","isPartOf":{"@id":"https:\/\/www.xn--bgerogting-0cb.dk\/#website"},"primaryImageOfPage":{"@id":"https:\/\/www.xn--bgerogting-0cb.dk\/index.php\/vare\/arkitekturens-historie-den-europaeiske-arkitektur-af-vilhelm-wanscher\/#primaryimage"},"image":{"@id":"https:\/\/www.xn--bgerogting-0cb.dk\/index.php\/vare\/arkitekturens-historie-den-europaeiske-arkitektur-af-vilhelm-wanscher\/#primaryimage"},"thumbnailUrl":"https:\/\/i0.wp.com\/www.xn--bgerogting-0cb.dk\/wp-content\/uploads\/2023\/11\/Arkitekturens-historie-af-Vilhelm-Wanscher.jpg?fit=1920%2C1920&ssl=1","datePublished":"2023-11-18T17:19:15+00:00","dateModified":"2023-11-18T17:26:16+00:00","description":"Architekturens historie : den europ\u00e6iske architektur af Vilhelm Wanscher - Thaning & Appels Forlag, 1965 - 2. udgave - Originalt halvl\u00e6rredsbind.","breadcrumb":{"@id":"https:\/\/www.xn--bgerogting-0cb.dk\/index.php\/vare\/arkitekturens-historie-den-europaeiske-arkitektur-af-vilhelm-wanscher\/#breadcrumb"},"inLanguage":"da-DK","potentialAction":[{"@type":"ReadAction","target":["https:\/\/www.xn--bgerogting-0cb.dk\/index.php\/vare\/arkitekturens-historie-den-europaeiske-arkitektur-af-vilhelm-wanscher\/"]}]},{"@type":"ImageObject","inLanguage":"da-DK","@id":"https:\/\/www.xn--bgerogting-0cb.dk\/index.php\/vare\/arkitekturens-historie-den-europaeiske-arkitektur-af-vilhelm-wanscher\/#primaryimage","url":"https:\/\/i0.wp.com\/www.xn--bgerogting-0cb.dk\/wp-content\/uploads\/2023\/11\/Arkitekturens-historie-af-Vilhelm-Wanscher.jpg?fit=1920%2C1920&ssl=1","contentUrl":"https:\/\/i0.wp.com\/www.xn--bgerogting-0cb.dk\/wp-content\/uploads\/2023\/11\/Arkitekturens-historie-af-Vilhelm-Wanscher.jpg?fit=1920%2C1920&ssl=1","width":1920,"height":1920,"caption":"Arkitekturens historie af Vilhelm Wanscher"},{"@type":"BreadcrumbList","@id":"https:\/\/www.xn--bgerogting-0cb.dk\/index.php\/vare\/arkitekturens-historie-den-europaeiske-arkitektur-af-vilhelm-wanscher\/#breadcrumb","itemListElement":[{"@type":"ListItem","position":1,"name":"Home","item":"https:\/\/www.xn--bgerogting-0cb.dk\/"},{"@type":"ListItem","position":2,"name":"Butik","item":"https:\/\/www.xn--bgerogting-0cb.dk\/index.php\/shop\/"},{"@type":"ListItem","position":3,"name":"Arkitekturens historie : den europ\u00e6iske arkitektur af Vilhelm Wanscher"}]},{"@type":"WebSite","@id":"https:\/\/www.xn--bgerogting-0cb.dk\/#website","url":"https:\/\/www.xn--bgerogting-0cb.dk\/","name":"B\u00f8ger og Ting","description":"Antikvarisk, retro, vintage og antik","publisher":{"@id":"https:\/\/www.xn--bgerogting-0cb.dk\/#organization"},"potentialAction":[{"@type":"SearchAction","target":{"@type":"EntryPoint","urlTemplate":"https:\/\/www.xn--bgerogting-0cb.dk\/?s={search_term_string}"},"query-input":{"@type":"PropertyValueSpecification","valueRequired":true,"valueName":"search_term_string"}}],"inLanguage":"da-DK"},{"@type":"Organization","@id":"https:\/\/www.xn--bgerogting-0cb.dk\/#organization","name":"B\u00f8ger og Ting","url":"https:\/\/www.xn--bgerogting-0cb.dk\/","logo":{"@type":"ImageObject","inLanguage":"da-DK","@id":"https:\/\/www.xn--bgerogting-0cb.dk\/#\/schema\/logo\/image\/","url":"https:\/\/i0.wp.com\/www.xn--bgerogting-0cb.dk\/wp-content\/uploads\/2019\/10\/webicon.png?fit=205%2C205&ssl=1","contentUrl":"https:\/\/i0.wp.com\/www.xn--bgerogting-0cb.dk\/wp-content\/uploads\/2019\/10\/webicon.png?fit=205%2C205&ssl=1","width":205,"height":205,"caption":"B\u00f8ger og Ting"},"image":{"@id":"https:\/\/www.xn--bgerogting-0cb.dk\/#\/schema\/logo\/image\/"},"sameAs":["https:\/\/www.facebook.com\/boegerogting\/","https:\/\/www.instagram.com\/bogerogting\/"]}]},"product_price_amount":"175.00","product_price_currency":"DKK","og_availability":"instock","product_availability":"instock","product_retailer_item_id":"9920","product_condition":"new"},"jetpack_sharing_enabled":true,"_links":{"self":[{"href":"https:\/\/www.xn--bgerogting-0cb.dk\/index.php\/wp-json\/wp\/v2\/product\/15322","targetHints":{"allow":["GET"]}}],"collection":[{"href":"https:\/\/www.xn--bgerogting-0cb.dk\/index.php\/wp-json\/wp\/v2\/product"}],"about":[{"href":"https:\/\/www.xn--bgerogting-0cb.dk\/index.php\/wp-json\/wp\/v2\/types\/product"}],"wp:featuredmedia":[{"embeddable":true,"href":"https:\/\/www.xn--bgerogting-0cb.dk\/index.php\/wp-json\/wp\/v2\/media\/15358"}],"wp:attachment":[{"href":"https:\/\/www.xn--bgerogting-0cb.dk\/index.php\/wp-json\/wp\/v2\/media?parent=15322"}],"wp:term":[{"taxonomy":"product_brand","embeddable":true,"href":"https:\/\/www.xn--bgerogting-0cb.dk\/index.php\/wp-json\/wp\/v2\/product_brand?post=15322"},{"taxonomy":"product_cat","embeddable":true,"href":"https:\/\/www.xn--bgerogting-0cb.dk\/index.php\/wp-json\/wp\/v2\/product_cat?post=15322"},{"taxonomy":"product_tag","embeddable":true,"href":"https:\/\/www.xn--bgerogting-0cb.dk\/index.php\/wp-json\/wp\/v2\/product_tag?post=15322"}],"curies":[{"name":"wp","href":"https:\/\/api.w.org\/{rel}","templated":true}]}}