{"id":10602,"date":"2021-07-08T19:04:19","date_gmt":"2021-07-08T17:04:19","guid":{"rendered":"https:\/\/www.xn--bgerogting-0cb.dk\/?post_type=product&#038;p=10602"},"modified":"2022-02-06T10:55:40","modified_gmt":"2022-02-06T09:55:40","slug":"babars-rejse-af-jean-de-brunhoff","status":"publish","type":"product","link":"https:\/\/www.xn--bgerogting-0cb.dk\/index.php\/vare\/babars-rejse-af-jean-de-brunhoff\/","title":{"rendered":"Babars rejse af Jean de Brunhoff"},"content":{"rendered":"<p>Babars rejse af Jean de Brunhoff.<br \/>\nGyldendals Bogklubber, 2006 \u2013 52 sider \u2013 H\u00e6ftet hardback i stort format.<br \/>\nIllustreret i farver\u00a0 \u2013 Originaltitel: Le voyage de Babar, 1939.<br \/>\nOversat af Thomas Winding.<br \/>\nBogen er i meget fin stand.<\/p>\n<p>Historien handler om Babar og Celestes bryllupsrejse og alle de meget sp\u00e6ndende og farlige oplevelser de har p\u00e5 turen.. De bliver blandt andet fanget og m\u00e5 optr\u00e6de i cirkus, inden det lykkes dem at flygte og med hj\u00e6lp fra den gamle dame kan vende hjem til elefanternes land. Men her er alt heller ikke som det ska v\u00e6re for elefanterne er i krig med n\u00e6sehornene ..<\/p>\n<p>Jean de Brunhoff\u00a0 (1899 \u2013 1937), fransk kunstmaler og forfatter. Efter han tidlige d\u00f8d pga. tuberkulose f\u00e6rdiggjorde s\u00f8nnen Laurent de Brunhoff sin fars Barbar-b\u00f8ger og skrev selv videre p\u00e5 serien.<\/p>\n","protected":false},"excerpt":{"rendered":"<p>Gyldendals Bogklubber, 2006 \u2013 52 sider \u2013 H\u00e6ftet hardback i stort format.<br \/>\nIllustreret i farver\u00a0 \u2013 Originaltitel: Le voyage de Babar, 1939.<br \/>\nOversat af Ole Thestrup.<br \/>\nBogen er i fin stand &#8211; omslaget er dog en smule ridset.<\/p>\n<p>Historien handler om Babar og Celestes bryllupsrejse og alle de meget sp\u00e6ndende og farlige oplevelser de har p\u00e5 turen.. De bliver blandt andet fanget og m\u00e5 optr\u00e6de i cirkus, inden det lykkes dem at flygte og med hj\u00e6lp fra den gamle dame kan vende hjem til elefanternes land. Men her er alt heller ikke som det ska v\u00e6re for elefanterne er i krig med n\u00e6sehornene ..<\/p>\n<p>Jean de Brunhoff\u00a0 (1899 \u2013 1937), fransk kunstmaler og forfatter. Efter han tidlige d\u00f8d pga. tuberkulose f\u00e6rdiggjorde s\u00f8nnen Laurent de Brunhoff sin fars Barbar-b\u00f8ger og skrev selv videre p\u00e5 serien.<\/p>\n","protected":false},"featured_media":10605,"template":"","meta":[],"product_brand":[],"product_cat":[150,81,27,35],"product_tag":[108,208,125,964],"class_list":{"0":"post-10602","1":"product","2":"type-product","3":"status-publish","4":"has-post-thumbnail","6":"product_cat-alle-tiders-boerneboeger-1930-1939","7":"product_cat-billedboeger","8":"product_cat-boeger","9":"product_cat-barneboger","10":"product_tag-billedbogsklassiker","11":"product_tag-elefanter","12":"product_tag-fransk","13":"product_tag-jean-de-brunhoff","15":"first","16":"outofstock","17":"shipping-taxable","18":"purchasable","19":"product-type-simple"},"yoast_head":"<!-- This site is optimized with the Yoast SEO Premium plugin v27.4 (Yoast SEO v27.5) - https:\/\/yoast.com\/product\/yoast-seo-premium-wordpress\/ -->\n<title>Babars rejse af Jean de Brunhoff - B\u00f8ger og Ting<\/title>\n<meta name=\"description\" content=\"Babars rejse af Jean de Brunhoff - Gyldendals Bogklubber, 2006 \u2013 52 sider \u2013 H\u00e6ftet hardback - Bogen er i fin stand.\" \/>\n<meta name=\"robots\" content=\"index, follow, max-snippet:-1, max-image-preview:large, max-video-preview:-1\" \/>\n<link rel=\"canonical\" href=\"https:\/\/www.xn--bgerogting-0cb.dk\/index.php\/vare\/babars-rejse-af-jean-de-brunhoff\/\" \/>\n<meta property=\"og:locale\" content=\"da_DK\" \/>\n<meta property=\"og:type\" content=\"article\" \/>\n<meta property=\"og:title\" content=\"Babars rejse af Jean de Brunhoff\" \/>\n<meta property=\"og:description\" content=\"Babars rejse af Jean de Brunhoff - Gyldendals Bogklubber, 2006 \u2013 52 sider \u2013 H\u00e6ftet hardback - Bogen er i fin stand.\" \/>\n<meta property=\"og:url\" content=\"https:\/\/www.xn--bgerogting-0cb.dk\/index.php\/vare\/babars-rejse-af-jean-de-brunhoff\/\" \/>\n<meta property=\"og:site_name\" content=\"B\u00f8ger og Ting\" \/>\n<meta property=\"article:publisher\" content=\"https:\/\/www.facebook.com\/boegerogting\/\" \/>\n<meta property=\"article:modified_time\" content=\"2022-02-06T09:55:40+00:00\" \/>\n<meta property=\"og:image\" content=\"https:\/\/i2.wp.com\/www.xn--bgerogting-0cb.dk\/wp-content\/uploads\/2021\/07\/Babars-rejse-2-1-scaled.jpg?fit=1920%2C1920&ssl=1\" \/>\n\t<meta property=\"og:image:width\" content=\"1920\" \/>\n\t<meta property=\"og:image:height\" content=\"1920\" \/>\n\t<meta property=\"og:image:type\" content=\"image\/jpeg\" \/>\n<meta name=\"twitter:card\" content=\"summary_large_image\" \/>\n<meta name=\"twitter:label1\" content=\"Pris\" \/>\n\t<meta name=\"twitter:data1\" content=\"kr.&nbsp;80,00\" \/>\n\t<meta name=\"twitter:label2\" content=\"Tilg\u00e6ngelighed\" \/>\n\t<meta name=\"twitter:data2\" content=\"Ikke p\u00e5 lager\" \/>\n<script type=\"application\/ld+json\" class=\"yoast-schema-graph\">{\"@context\":\"https:\\\/\\\/schema.org\",\"@graph\":[{\"@type\":\"WebPage\",\"@id\":\"https:\\\/\\\/www.xn--bgerogting-0cb.dk\\\/index.php\\\/vare\\\/babars-rejse-af-jean-de-brunhoff\\\/\",\"url\":\"https:\\\/\\\/www.xn--bgerogting-0cb.dk\\\/index.php\\\/vare\\\/babars-rejse-af-jean-de-brunhoff\\\/\",\"name\":\"Babars rejse af Jean de Brunhoff - B\u00f8ger og Ting\",\"isPartOf\":{\"@id\":\"https:\\\/\\\/www.xn--bgerogting-0cb.dk\\\/#website\"},\"primaryImageOfPage\":{\"@id\":\"https:\\\/\\\/www.xn--bgerogting-0cb.dk\\\/index.php\\\/vare\\\/babars-rejse-af-jean-de-brunhoff\\\/#primaryimage\"},\"image\":{\"@id\":\"https:\\\/\\\/www.xn--bgerogting-0cb.dk\\\/index.php\\\/vare\\\/babars-rejse-af-jean-de-brunhoff\\\/#primaryimage\"},\"thumbnailUrl\":\"https:\\\/\\\/i0.wp.com\\\/www.xn--bgerogting-0cb.dk\\\/wp-content\\\/uploads\\\/2021\\\/07\\\/Babars-rejse-2-1-scaled.jpg?fit=1920%2C1920&ssl=1\",\"datePublished\":\"2021-07-08T17:04:19+00:00\",\"dateModified\":\"2022-02-06T09:55:40+00:00\",\"description\":\"Babars rejse af Jean de Brunhoff - Gyldendals Bogklubber, 2006 \u2013 52 sider \u2013 H\u00e6ftet hardback - Bogen er i fin stand.\",\"breadcrumb\":{\"@id\":\"https:\\\/\\\/www.xn--bgerogting-0cb.dk\\\/index.php\\\/vare\\\/babars-rejse-af-jean-de-brunhoff\\\/#breadcrumb\"},\"inLanguage\":\"da-DK\",\"potentialAction\":[{\"@type\":\"ReadAction\",\"target\":[\"https:\\\/\\\/www.xn--bgerogting-0cb.dk\\\/index.php\\\/vare\\\/babars-rejse-af-jean-de-brunhoff\\\/\"]}]},{\"@type\":\"ImageObject\",\"inLanguage\":\"da-DK\",\"@id\":\"https:\\\/\\\/www.xn--bgerogting-0cb.dk\\\/index.php\\\/vare\\\/babars-rejse-af-jean-de-brunhoff\\\/#primaryimage\",\"url\":\"https:\\\/\\\/i0.wp.com\\\/www.xn--bgerogting-0cb.dk\\\/wp-content\\\/uploads\\\/2021\\\/07\\\/Babars-rejse-2-1-scaled.jpg?fit=1920%2C1920&ssl=1\",\"contentUrl\":\"https:\\\/\\\/i0.wp.com\\\/www.xn--bgerogting-0cb.dk\\\/wp-content\\\/uploads\\\/2021\\\/07\\\/Babars-rejse-2-1-scaled.jpg?fit=1920%2C1920&ssl=1\",\"width\":1920,\"height\":1920,\"caption\":\"Babars rejse\"},{\"@type\":\"BreadcrumbList\",\"@id\":\"https:\\\/\\\/www.xn--bgerogting-0cb.dk\\\/index.php\\\/vare\\\/babars-rejse-af-jean-de-brunhoff\\\/#breadcrumb\",\"itemListElement\":[{\"@type\":\"ListItem\",\"position\":1,\"name\":\"Home\",\"item\":\"https:\\\/\\\/www.xn--bgerogting-0cb.dk\\\/\"},{\"@type\":\"ListItem\",\"position\":2,\"name\":\"Butik\",\"item\":\"https:\\\/\\\/www.xn--bgerogting-0cb.dk\\\/index.php\\\/shop\\\/\"},{\"@type\":\"ListItem\",\"position\":3,\"name\":\"Babars rejse af Jean de Brunhoff\"}]},{\"@type\":\"WebSite\",\"@id\":\"https:\\\/\\\/www.xn--bgerogting-0cb.dk\\\/#website\",\"url\":\"https:\\\/\\\/www.xn--bgerogting-0cb.dk\\\/\",\"name\":\"B\u00f8ger og Ting\",\"description\":\"Antikvarisk, retro, vintage og antik\",\"publisher\":{\"@id\":\"https:\\\/\\\/www.xn--bgerogting-0cb.dk\\\/#organization\"},\"potentialAction\":[{\"@type\":\"SearchAction\",\"target\":{\"@type\":\"EntryPoint\",\"urlTemplate\":\"https:\\\/\\\/www.xn--bgerogting-0cb.dk\\\/?s={search_term_string}\"},\"query-input\":{\"@type\":\"PropertyValueSpecification\",\"valueRequired\":true,\"valueName\":\"search_term_string\"}}],\"inLanguage\":\"da-DK\"},{\"@type\":\"Organization\",\"@id\":\"https:\\\/\\\/www.xn--bgerogting-0cb.dk\\\/#organization\",\"name\":\"B\u00f8ger og Ting\",\"url\":\"https:\\\/\\\/www.xn--bgerogting-0cb.dk\\\/\",\"logo\":{\"@type\":\"ImageObject\",\"inLanguage\":\"da-DK\",\"@id\":\"https:\\\/\\\/www.xn--bgerogting-0cb.dk\\\/#\\\/schema\\\/logo\\\/image\\\/\",\"url\":\"https:\\\/\\\/i0.wp.com\\\/www.xn--bgerogting-0cb.dk\\\/wp-content\\\/uploads\\\/2019\\\/10\\\/webicon.png?fit=205%2C205&ssl=1\",\"contentUrl\":\"https:\\\/\\\/i0.wp.com\\\/www.xn--bgerogting-0cb.dk\\\/wp-content\\\/uploads\\\/2019\\\/10\\\/webicon.png?fit=205%2C205&ssl=1\",\"width\":205,\"height\":205,\"caption\":\"B\u00f8ger og Ting\"},\"image\":{\"@id\":\"https:\\\/\\\/www.xn--bgerogting-0cb.dk\\\/#\\\/schema\\\/logo\\\/image\\\/\"},\"sameAs\":[\"https:\\\/\\\/www.facebook.com\\\/boegerogting\\\/\",\"https:\\\/\\\/www.instagram.com\\\/bogerogting\\\/\"]}]}<\/script>\n<meta property=\"product:price:amount\" content=\"80.00\" \/>\n<meta property=\"product:price:currency\" content=\"DKK\" \/>\n<meta property=\"og:availability\" content=\"out of stock\" \/>\n<meta property=\"product:availability\" content=\"out of stock\" \/>\n<meta property=\"product:condition\" content=\"new\" \/>\n<!-- \/ Yoast SEO Premium plugin. -->","yoast_head_json":{"title":"Babars rejse af Jean de Brunhoff - B\u00f8ger og Ting","description":"Babars rejse af Jean de Brunhoff - Gyldendals Bogklubber, 2006 \u2013 52 sider \u2013 H\u00e6ftet hardback - Bogen er i fin stand.","robots":{"index":"index","follow":"follow","max-snippet":"max-snippet:-1","max-image-preview":"max-image-preview:large","max-video-preview":"max-video-preview:-1"},"canonical":"https:\/\/www.xn--bgerogting-0cb.dk\/index.php\/vare\/babars-rejse-af-jean-de-brunhoff\/","og_locale":"da_DK","og_type":"article","og_title":"Babars rejse af Jean de Brunhoff","og_description":"Babars rejse af Jean de Brunhoff - Gyldendals Bogklubber, 2006 \u2013 52 sider \u2013 H\u00e6ftet hardback - Bogen er i fin stand.","og_url":"https:\/\/www.xn--bgerogting-0cb.dk\/index.php\/vare\/babars-rejse-af-jean-de-brunhoff\/","og_site_name":"B\u00f8ger og Ting","article_publisher":"https:\/\/www.facebook.com\/boegerogting\/","article_modified_time":"2022-02-06T09:55:40+00:00","og_image":[{"width":1920,"height":1920,"url":"https:\/\/i2.wp.com\/www.xn--bgerogting-0cb.dk\/wp-content\/uploads\/2021\/07\/Babars-rejse-2-1-scaled.jpg?fit=1920%2C1920&ssl=1","type":"image\/jpeg"}],"twitter_card":"summary_large_image","twitter_misc":{"Pris":"kr.&nbsp;80,00","Tilg\u00e6ngelighed":"Ikke p\u00e5 lager"},"schema":{"@context":"https:\/\/schema.org","@graph":[{"@type":"WebPage","@id":"https:\/\/www.xn--bgerogting-0cb.dk\/index.php\/vare\/babars-rejse-af-jean-de-brunhoff\/","url":"https:\/\/www.xn--bgerogting-0cb.dk\/index.php\/vare\/babars-rejse-af-jean-de-brunhoff\/","name":"Babars rejse af Jean de Brunhoff - B\u00f8ger og Ting","isPartOf":{"@id":"https:\/\/www.xn--bgerogting-0cb.dk\/#website"},"primaryImageOfPage":{"@id":"https:\/\/www.xn--bgerogting-0cb.dk\/index.php\/vare\/babars-rejse-af-jean-de-brunhoff\/#primaryimage"},"image":{"@id":"https:\/\/www.xn--bgerogting-0cb.dk\/index.php\/vare\/babars-rejse-af-jean-de-brunhoff\/#primaryimage"},"thumbnailUrl":"https:\/\/i0.wp.com\/www.xn--bgerogting-0cb.dk\/wp-content\/uploads\/2021\/07\/Babars-rejse-2-1-scaled.jpg?fit=1920%2C1920&ssl=1","datePublished":"2021-07-08T17:04:19+00:00","dateModified":"2022-02-06T09:55:40+00:00","description":"Babars rejse af Jean de Brunhoff - Gyldendals Bogklubber, 2006 \u2013 52 sider \u2013 H\u00e6ftet hardback - Bogen er i fin stand.","breadcrumb":{"@id":"https:\/\/www.xn--bgerogting-0cb.dk\/index.php\/vare\/babars-rejse-af-jean-de-brunhoff\/#breadcrumb"},"inLanguage":"da-DK","potentialAction":[{"@type":"ReadAction","target":["https:\/\/www.xn--bgerogting-0cb.dk\/index.php\/vare\/babars-rejse-af-jean-de-brunhoff\/"]}]},{"@type":"ImageObject","inLanguage":"da-DK","@id":"https:\/\/www.xn--bgerogting-0cb.dk\/index.php\/vare\/babars-rejse-af-jean-de-brunhoff\/#primaryimage","url":"https:\/\/i0.wp.com\/www.xn--bgerogting-0cb.dk\/wp-content\/uploads\/2021\/07\/Babars-rejse-2-1-scaled.jpg?fit=1920%2C1920&ssl=1","contentUrl":"https:\/\/i0.wp.com\/www.xn--bgerogting-0cb.dk\/wp-content\/uploads\/2021\/07\/Babars-rejse-2-1-scaled.jpg?fit=1920%2C1920&ssl=1","width":1920,"height":1920,"caption":"Babars rejse"},{"@type":"BreadcrumbList","@id":"https:\/\/www.xn--bgerogting-0cb.dk\/index.php\/vare\/babars-rejse-af-jean-de-brunhoff\/#breadcrumb","itemListElement":[{"@type":"ListItem","position":1,"name":"Home","item":"https:\/\/www.xn--bgerogting-0cb.dk\/"},{"@type":"ListItem","position":2,"name":"Butik","item":"https:\/\/www.xn--bgerogting-0cb.dk\/index.php\/shop\/"},{"@type":"ListItem","position":3,"name":"Babars rejse af Jean de Brunhoff"}]},{"@type":"WebSite","@id":"https:\/\/www.xn--bgerogting-0cb.dk\/#website","url":"https:\/\/www.xn--bgerogting-0cb.dk\/","name":"B\u00f8ger og Ting","description":"Antikvarisk, retro, vintage og antik","publisher":{"@id":"https:\/\/www.xn--bgerogting-0cb.dk\/#organization"},"potentialAction":[{"@type":"SearchAction","target":{"@type":"EntryPoint","urlTemplate":"https:\/\/www.xn--bgerogting-0cb.dk\/?s={search_term_string}"},"query-input":{"@type":"PropertyValueSpecification","valueRequired":true,"valueName":"search_term_string"}}],"inLanguage":"da-DK"},{"@type":"Organization","@id":"https:\/\/www.xn--bgerogting-0cb.dk\/#organization","name":"B\u00f8ger og Ting","url":"https:\/\/www.xn--bgerogting-0cb.dk\/","logo":{"@type":"ImageObject","inLanguage":"da-DK","@id":"https:\/\/www.xn--bgerogting-0cb.dk\/#\/schema\/logo\/image\/","url":"https:\/\/i0.wp.com\/www.xn--bgerogting-0cb.dk\/wp-content\/uploads\/2019\/10\/webicon.png?fit=205%2C205&ssl=1","contentUrl":"https:\/\/i0.wp.com\/www.xn--bgerogting-0cb.dk\/wp-content\/uploads\/2019\/10\/webicon.png?fit=205%2C205&ssl=1","width":205,"height":205,"caption":"B\u00f8ger og Ting"},"image":{"@id":"https:\/\/www.xn--bgerogting-0cb.dk\/#\/schema\/logo\/image\/"},"sameAs":["https:\/\/www.facebook.com\/boegerogting\/","https:\/\/www.instagram.com\/bogerogting\/"]}]},"product_price_amount":"80.00","product_price_currency":"DKK","og_availability":"out of stock","product_availability":"out of stock","product_condition":"new"},"jetpack_sharing_enabled":true,"_links":{"self":[{"href":"https:\/\/www.xn--bgerogting-0cb.dk\/index.php\/wp-json\/wp\/v2\/product\/10602","targetHints":{"allow":["GET"]}}],"collection":[{"href":"https:\/\/www.xn--bgerogting-0cb.dk\/index.php\/wp-json\/wp\/v2\/product"}],"about":[{"href":"https:\/\/www.xn--bgerogting-0cb.dk\/index.php\/wp-json\/wp\/v2\/types\/product"}],"wp:featuredmedia":[{"embeddable":true,"href":"https:\/\/www.xn--bgerogting-0cb.dk\/index.php\/wp-json\/wp\/v2\/media\/10605"}],"wp:attachment":[{"href":"https:\/\/www.xn--bgerogting-0cb.dk\/index.php\/wp-json\/wp\/v2\/media?parent=10602"}],"wp:term":[{"taxonomy":"product_brand","embeddable":true,"href":"https:\/\/www.xn--bgerogting-0cb.dk\/index.php\/wp-json\/wp\/v2\/product_brand?post=10602"},{"taxonomy":"product_cat","embeddable":true,"href":"https:\/\/www.xn--bgerogting-0cb.dk\/index.php\/wp-json\/wp\/v2\/product_cat?post=10602"},{"taxonomy":"product_tag","embeddable":true,"href":"https:\/\/www.xn--bgerogting-0cb.dk\/index.php\/wp-json\/wp\/v2\/product_tag?post=10602"}],"curies":[{"name":"wp","href":"https:\/\/api.w.org\/{rel}","templated":true}]}}